{"id":30,"date":"2025-08-11T08:22:19","date_gmt":"2025-08-11T08:22:19","guid":{"rendered":"http:\/\/cieleporteplume.fr\/?page_id=30"},"modified":"2026-04-23T12:58:08","modified_gmt":"2026-04-23T12:58:08","slug":"hugo-notre-legende","status":"publish","type":"page","link":"https:\/\/cieleporteplume.fr\/?page_id=30","title":{"rendered":"Hugo, Notre L\u00e9gende"},"content":{"rendered":"\n<h2 class=\"wp-block-heading\">petite forme \u00e0 deux acteurs d&rsquo;apr\u00e8s <em>La L\u00e9gende des Si\u00e8cles <\/em>de Victor Hugo<\/h2>\n\n\n\n<p>L\u2019\u0153uvre de Hugo est foisonnante. Dans <em>La L\u00e9gende<\/em>, on trouve des histoires qui peuvent se lire comme des contes, des textes politiques ou sociaux (o\u00f9 Hugo prend la d\u00e9fense des pauvres gens), des souvenirs d\u2019enfance, des envol\u00e9es mystiques d\u2019une beaut\u00e9 sid\u00e9rante, de l\u2019humour (beaucoup !). En un mot chacun peut y trouver son compte \/ comte \/ conte\u2026<\/p>\n\n\n\n<figure class=\"wp-block-image size-large\"><img loading=\"lazy\" decoding=\"async\" width=\"854\" height=\"1024\" src=\"https:\/\/cieleporteplume.fr\/wp-content\/uploads\/2025\/08\/Visuel-photos-1-854x1024.jpg\" alt=\"\" class=\"wp-image-32\" srcset=\"https:\/\/cieleporteplume.fr\/wp-content\/uploads\/2025\/08\/Visuel-photos-1-854x1024.jpg 854w, https:\/\/cieleporteplume.fr\/wp-content\/uploads\/2025\/08\/Visuel-photos-1-250x300.jpg 250w, https:\/\/cieleporteplume.fr\/wp-content\/uploads\/2025\/08\/Visuel-photos-1-768x921.jpg 768w, https:\/\/cieleporteplume.fr\/wp-content\/uploads\/2025\/08\/Visuel-photos-1-1281x1536.jpg 1281w, https:\/\/cieleporteplume.fr\/wp-content\/uploads\/2025\/08\/Visuel-photos-1.jpg 1666w\" sizes=\"auto, (max-width: 854px) 100vw, 854px\" \/><\/figure>\n\n\n\n<p>Mise en sc\u00e8ne Laurence Campet<br>Avec deux com\u00e9diens parmi :<br>Blandine Baudrillart, Marie-No\u00eble Bordeaux, Laurence Campet, Antoine Doignon, Fran\u00e7oise Huguet, Sylvie Malissard, Julien Mouroux, Marie-H\u00e9l\u00e8ne Peyresaubes<\/p>\n\n\n\n<p><em>Une co-production Compagnie RL \/ compagnie Le Porte-Plume<\/em><br><em>Avec l\u2019aide de la DRAC Livres Bourgogne Franche-Comt\u00e9, du D\u00e9partement du Jura, de l\u2019ARS, des m\u00e9diath\u00e8ques Coeur du Jura,<\/em> <em>du Contrat Territoire-Lecture.<\/em><\/p>\n\n\n\n<h2 class=\"wp-block-heading\">Calendrier<\/h2>\n\n\n\n<p><strong>Prochaines repr\u00e9sentations : <\/strong><\/p>\n\n\n\n<p class=\"has-small-font-size\"><\/p>\n\n\n\n<ul class=\"wp-block-list\">\n<li>Le 28 avril 2026 : Coll\u00e8ge Albert Jacquard &#8211; 70200 Lure<\/li>\n\n\n\n<li class=\"has-small-font-size\">Le 12 mai 2026 : Coll\u00e8ge Louis Bouvier &#8211; 39150 Saint-Laurent en Grandvaux<\/li>\n\n\n\n<li>et \u00e0 venir : Ehpad &#8211; 39270 Orgelet, CCAS &#8211; 39110 Salins les Bains<\/li>\n<\/ul>\n\n\n\n<p><strong>La petite forme <em>Notre L\u00e9gende<\/em> a d\u00e9j\u00e0 \u00e9t\u00e9 jou\u00e9e&nbsp;<\/strong>:<\/p>\n\n\n\n<ul class=\"wp-block-list\">\n<li class=\"has-small-font-size\">Samedi 4 f\u00e9vrier 2023&nbsp;\u00e0 20h : chez M et Mme Cousin \u2013 75012 Paris<\/li>\n\n\n\n<li class=\"has-small-font-size\">Dimanche 5 f\u00e9vrier \u00e0 16h&nbsp;: chez M et Mme Corpet \u2013 75013 Paris<\/li>\n\n\n\n<li class=\"has-small-font-size\">Mardi 28 f\u00e9vrier \u00e0 15h&nbsp;: Coll\u00e8ge de Terrasson \u2013 24120 Terrasson la Villedieu<\/li>\n\n\n\n<li class=\"has-small-font-size\">Samedi 11 mars \u00e0 16h30&nbsp;: chez Mme de Cl\u00e9dat et M Bizet \u2013 75010 Paris<\/li>\n\n\n\n<li class=\"has-small-font-size\">Samedi 11 mars \u00e0 19h30&nbsp;: Compagnie des \u0152illets \u2013 94200 Ivry<\/li>\n\n\n\n<li class=\"has-small-font-size\">Samedi 18 mars&nbsp;: chez M et Mme Lucot-Brabant &#8211; 75004 Paris<\/li>\n\n\n\n<li class=\"has-small-font-size\">Samedi 25 mars \u00e0 20h30&nbsp;: Salle Lucie Aubrac \u2013 95160 Montmorency<\/li>\n\n\n\n<li class=\"has-small-font-size\">Jeudi 20 avril \u00e0 14h&nbsp;: Coll\u00e8ge Pablo Neruda \u2013 91350 Grigny<\/li>\n\n\n\n<li class=\"has-small-font-size\">Samedi 13 mai \u00e0 20h30&nbsp;: chez M et Mme Cousin (2<sup>\u00e8me<\/sup> repr\u00e9sentation) \u2013 75012 Paris<\/li>\n\n\n\n<li class=\"has-small-font-size\">Samedi 22 juillet \u00e0 20h&nbsp;: en ext\u00e9rieur &#8211; village de Br\u00fblon &#8211; 72350<\/li>\n\n\n\n<li class=\"has-small-font-size\">Samedi 5 ao\u00fbt \u00e0 20h&nbsp;: Ch\u00e2teau d\u2019Orignac \u2013 17240 Saint-Ciers du Taillon<\/li>\n\n\n\n<li class=\"has-small-font-size\">Dimanche 10 septembre&nbsp;\u00e0 16h30 : chez M et Mme Boissel \u2013 95120 Ermont<\/li>\n\n\n\n<li class=\"has-small-font-size\">Samedi 23 septembre \u00e0 20h<\/li>\n\n\n\n<li class=\"has-small-font-size\">et dimanche 24 septembre&nbsp; \u00e0 16h&nbsp;: La Grange \/ L\u2019atelier des arts \u2013 60800 Trumilly<\/li>\n\n\n\n<li class=\"has-small-font-size\">Mercredi 4 octobre \u00e0 8h30 et 10h&nbsp;: Coll\u00e8ge Gustave Eiffel \u2013 39700 Fraisans<\/li>\n\n\n\n<li class=\"has-small-font-size\">Lundi 16 octobre&nbsp;: Ehpad du Centre Hospitalier \u2013 39800 Poligny<\/li>\n\n\n\n<li class=\"has-small-font-size\">Vendredi 20 octobre&nbsp;\u00e0 19h : Maison de retraite \u2013 25000 Besan\u00e7on<\/li>\n\n\n\n<li class=\"has-small-font-size\">Mardi 12 d\u00e9cembre \u00e0 14h30&nbsp;: Ehpad du Centre Hospitalier \u2013 39110 Salins-les-Bains<\/li>\n\n\n\n<li class=\"has-small-font-size\">Mardi 17 janvier 2024 \u00e0 14h30&nbsp;: Ehpad du Centre Hospitalier \u2013 39600 Arbois<\/li>\n\n\n\n<li class=\"has-small-font-size\">Vendredi 2 f\u00e9vrier \u00e0 13h30&nbsp;: Lyc\u00e9e Paul-Emile Victor \u2013 39300 Champagnole<\/li>\n\n\n\n<li class=\"has-small-font-size\">Mardi 9 avril 2024&nbsp;: Coll\u00e8ge Victor Hugo \u2013 19000 Tulle<\/li>\n\n\n\n<li class=\"has-small-font-size\">Madi 23 avril 2024&nbsp;: Ehpad de Saint-Laurent-en-Grandvaux (39150)<\/li>\n\n\n\n<li class=\"has-small-font-size\">Mardi 14 mai 2024 Lyc\u00e9e Pr\u00e9 Saint-Sauveur \u2013 39200 Saint-Claude (2 repr\u00e9sentations)<\/li>\n\n\n\n<li class=\"has-small-font-size\">Les 20, 21 et 22 septembre&nbsp;: Festival La Sc\u00e8ne d\u00e9m\u00e9nage (40) 3 repr\u00e9sentations \u00e0 Saint-Lon-les-Mines, \u00e0 Lahosse et \u00e0 Soustons.<\/li>\n\n\n\n<li class=\"has-small-font-size\">Le 14 janvier 2025&nbsp;: Coll\u00e8ge Gustave Eiffel \u2013 39700 Fraisans<\/li>\n\n\n\n<li class=\"has-small-font-size\">Le 11 f\u00e9vrier 2025 : Ehpad du Centre hospitalier &#8211; 39320 Saint-Julien<\/li>\n\n\n\n<li class=\"has-small-font-size\">Le 21 f\u00e9vrier 2025 : Lyc\u00e9e Pr\u00e9 Saint-Sauveur &#8211; 39200 Saint Claude (2 repr\u00e9sentations)<\/li>\n\n\n\n<li class=\"has-small-font-size\">Le 27 f\u00e9vrier 2025 : Ehpad du Centre hospitalier &#8211; 39300 Champagnole<\/li>\n\n\n\n<li class=\"has-small-font-size\">Le 18 mars 2025 : Coll\u00e8ge Albert Jacquard &#8211; 70200 Lure <\/li>\n\n\n\n<li class=\"has-small-font-size\">Le 22 mars 2025 : Salle associative &#8211; 39300 Ch\u00e2telneuf<\/li>\n\n\n\n<li>Le 16 octobre 2025 : Archives d\u00e9partementales de Dijon (21)<\/li>\n\n\n\n<li>Le 30 novembre 2025 : Ecuries Egl\u00e9 &#8211; 78600 Maisons-Laffitte<\/li>\n\n\n\n<li>Le 2 avril 2026 : Coll\u00e8ge Jules Gr\u00e9vy &#8211; 39800 Poligny<\/li>\n\n\n\n<li>Le 12 avril 2026 : chez M Baudrillart &#8211; 75005 Paris<\/li>\n<\/ul>\n\n\n\n<div class=\"wp-block-group is-vertical is-layout-flex wp-container-core-group-is-layout-fe9cc265 wp-block-group-is-layout-flex\">\n<div class=\"wp-block-group has-global-padding is-layout-constrained wp-block-group-is-layout-constrained\">\n<div class=\"wp-block-group is-vertical is-layout-flex wp-container-core-group-is-layout-fe9cc265 wp-block-group-is-layout-flex\"><\/div>\n<\/div>\n<\/div>\n","protected":false},"excerpt":{"rendered":"<p>petite forme \u00e0 deux acteurs d&rsquo;apr\u00e8s La L\u00e9gende des Si\u00e8cles de Victor Hugo L\u2019\u0153uvre de Hugo est foisonnante. Dans La L\u00e9gende, on trouve des histoires qui peuvent se lire comme des contes, des textes politiques ou sociaux (o\u00f9 Hugo prend la d\u00e9fense des pauvres gens), des souvenirs d\u2019enfance, des envol\u00e9es mystiques d\u2019une beaut\u00e9 sid\u00e9rante, de [&hellip;]<\/p>\n","protected":false},"author":1,"featured_media":0,"parent":0,"menu_order":0,"comment_status":"closed","ping_status":"closed","template":"","meta":{"footnotes":""},"class_list":["post-30","page","type-page","status-publish","hentry"],"_links":{"self":[{"href":"https:\/\/cieleporteplume.fr\/index.php?rest_route=\/wp\/v2\/pages\/30","targetHints":{"allow":["GET"]}}],"collection":[{"href":"https:\/\/cieleporteplume.fr\/index.php?rest_route=\/wp\/v2\/pages"}],"about":[{"href":"https:\/\/cieleporteplume.fr\/index.php?rest_route=\/wp\/v2\/types\/page"}],"author":[{"embeddable":true,"href":"https:\/\/cieleporteplume.fr\/index.php?rest_route=\/wp\/v2\/users\/1"}],"replies":[{"embeddable":true,"href":"https:\/\/cieleporteplume.fr\/index.php?rest_route=%2Fwp%2Fv2%2Fcomments&post=30"}],"version-history":[{"count":10,"href":"https:\/\/cieleporteplume.fr\/index.php?rest_route=\/wp\/v2\/pages\/30\/revisions"}],"predecessor-version":[{"id":247,"href":"https:\/\/cieleporteplume.fr\/index.php?rest_route=\/wp\/v2\/pages\/30\/revisions\/247"}],"wp:attachment":[{"href":"https:\/\/cieleporteplume.fr\/index.php?rest_route=%2Fwp%2Fv2%2Fmedia&parent=30"}],"curies":[{"name":"wp","href":"https:\/\/api.w.org\/{rel}","templated":true}]}}