{"id":155,"date":"2025-08-18T12:10:48","date_gmt":"2025-08-18T12:10:48","guid":{"rendered":"http:\/\/cieleporteplume.fr\/?page_id=155"},"modified":"2025-08-19T08:18:12","modified_gmt":"2025-08-19T08:18:12","slug":"au-bonheur-des-dames","status":"publish","type":"page","link":"https:\/\/cieleporteplume.fr\/?page_id=155","title":{"rendered":"Au bonheur des dames"},"content":{"rendered":"\n<p>Ce spectacle propose un parcours ludique dans l&rsquo;histoire du droit des femmes, en quelques dates cl\u00e9s, lois, chiffres, extraits de discours, textes, citations, questions d&rsquo;hier et d\u2019aujourd\u2019hui.<\/p>\n\n\n\n<figure class=\"wp-block-image size-full\"><img loading=\"lazy\" decoding=\"async\" width=\"605\" height=\"224\" src=\"https:\/\/cieleporteplume.fr\/wp-content\/uploads\/2025\/08\/ABDD-Dos-OK-avec-citations-et-photos-02-21-jpg_Page2_Image1.jpg\" alt=\"\" class=\"wp-image-151\" srcset=\"https:\/\/cieleporteplume.fr\/wp-content\/uploads\/2025\/08\/ABDD-Dos-OK-avec-citations-et-photos-02-21-jpg_Page2_Image1.jpg 605w, https:\/\/cieleporteplume.fr\/wp-content\/uploads\/2025\/08\/ABDD-Dos-OK-avec-citations-et-photos-02-21-jpg_Page2_Image1-300x111.jpg 300w\" sizes=\"auto, (max-width: 605px) 100vw, 605px\" \/><\/figure>\n\n\n\n<blockquote class=\"wp-block-quote is-layout-flow wp-block-quote-is-layout-flow\">\n<p>Tout a commenc\u00e9 en parall\u00e8le d\u2019une cr\u00e9ation coproduite par le Th\u00e9\u00e2tre de l\u2019Espace, sc\u00e8ne nationale de Besan\u00e7on il y a quelques ann\u00e9es, <em>Paroles de femme <\/em>(recueil de paroles retranscrites \u00e0 la sc\u00e8ne). Cette petite forme avait \u00e9t\u00e9 \u00e9bauch\u00e9e pour \u00eatre jou\u00e9e dans quelques lieux partenaires. Puis l\u2019envie d\u2019aller plus loin avec ce premier mat\u00e9riel, en particulier un travail dans l\u2019espace public. Une envie de ne pas cantonner cette parole \u00e0 des salles et \u00ab\u00e0 pr\u00eacher \u00e0 un public de convertis\u00bb. Une envie aussi de d\u00e9velopper l\u2019adresse au public et l\u2019interactivit\u00e9 naissante.<\/p>\n\n\n\n<p><br>Conception et interpr\u00e9tation : Sylvie Malissard <\/p>\n\n\n\n<p>Compagnie Le Porte Plume Dur\u00e9e : 60 mn <\/p>\n\n\n\n<p>Tout public \u00e0 partir de 14 ans &#8211; Techniquement autonome<\/p>\n\n\n\n<p><br><strong>Calendrier :<\/strong><\/p>\n\n\n\n<ul class=\"wp-block-list\">\n<li>19 juillet 2020 \u2013 Goux les Usiers (25) <\/li>\n\n\n\n<li>8 ao\u00fbt 2020 \u2013 Roulottes en chantier &#8211; Nanton (71) <\/li>\n\n\n\n<li>15 ao\u00fbt 2020 \u2013 Arbois (39) <\/li>\n\n\n\n<li>10 oct 2020 \u2013 Le Bio lopin &#8211; Lons (39) <\/li>\n\n\n\n<li>23- 24 novembre 2020 &#8211; R\u00e9sidence Les Forges &#8211; Fraisans (39)<\/li>\n\n\n\n<li>8 mars 2024 au lyc\u00e9e Viollet le Duc \u00e0 Villiers St Fr\u00e9d\u00e9ric (78)<br><\/li>\n<\/ul>\n<\/blockquote>\n","protected":false},"excerpt":{"rendered":"<p>Ce spectacle propose un parcours ludique dans l&rsquo;histoire du droit des femmes, en quelques dates cl\u00e9s, lois, chiffres, extraits de discours, textes, citations, questions d&rsquo;hier et d\u2019aujourd\u2019hui.<\/p>\n","protected":false},"author":1,"featured_media":0,"parent":0,"menu_order":0,"comment_status":"closed","ping_status":"closed","template":"","meta":{"footnotes":""},"class_list":["post-155","page","type-page","status-publish","hentry"],"_links":{"self":[{"href":"https:\/\/cieleporteplume.fr\/index.php?rest_route=\/wp\/v2\/pages\/155","targetHints":{"allow":["GET"]}}],"collection":[{"href":"https:\/\/cieleporteplume.fr\/index.php?rest_route=\/wp\/v2\/pages"}],"about":[{"href":"https:\/\/cieleporteplume.fr\/index.php?rest_route=\/wp\/v2\/types\/page"}],"author":[{"embeddable":true,"href":"https:\/\/cieleporteplume.fr\/index.php?rest_route=\/wp\/v2\/users\/1"}],"replies":[{"embeddable":true,"href":"https:\/\/cieleporteplume.fr\/index.php?rest_route=%2Fwp%2Fv2%2Fcomments&post=155"}],"version-history":[{"count":2,"href":"https:\/\/cieleporteplume.fr\/index.php?rest_route=\/wp\/v2\/pages\/155\/revisions"}],"predecessor-version":[{"id":171,"href":"https:\/\/cieleporteplume.fr\/index.php?rest_route=\/wp\/v2\/pages\/155\/revisions\/171"}],"wp:attachment":[{"href":"https:\/\/cieleporteplume.fr\/index.php?rest_route=%2Fwp%2Fv2%2Fmedia&parent=155"}],"curies":[{"name":"wp","href":"https:\/\/api.w.org\/{rel}","templated":true}]}}