{"id":112,"date":"2025-08-12T18:51:53","date_gmt":"2025-08-12T18:51:53","guid":{"rendered":"http:\/\/cieleporteplume.fr\/?page_id=112"},"modified":"2025-08-12T19:12:49","modified_gmt":"2025-08-12T19:12:49","slug":"les-poetes-et-la-resistance","status":"publish","type":"page","link":"https:\/\/cieleporteplume.fr\/?page_id=112","title":{"rendered":"Les Po\u00e8tes et la R\u00e9sistance"},"content":{"rendered":"\n<figure class=\"wp-block-gallery has-nested-images columns-default is-cropped wp-block-gallery-1 is-layout-flex wp-block-gallery-is-layout-flex\">\n<figure class=\"wp-block-image size-large\"><img loading=\"lazy\" decoding=\"async\" width=\"560\" height=\"1008\" data-id=\"113\" src=\"https:\/\/cieleporteplume.fr\/wp-content\/uploads\/2025\/08\/502585925_3998169917102229_7670619783291584416_n.jpg\" alt=\"\" class=\"wp-image-113\" srcset=\"https:\/\/cieleporteplume.fr\/wp-content\/uploads\/2025\/08\/502585925_3998169917102229_7670619783291584416_n.jpg 560w, https:\/\/cieleporteplume.fr\/wp-content\/uploads\/2025\/08\/502585925_3998169917102229_7670619783291584416_n-167x300.jpg 167w\" sizes=\"auto, (max-width: 560px) 100vw, 560px\" \/><\/figure>\n\n\n\n<figure class=\"wp-block-image size-large\"><img loading=\"lazy\" decoding=\"async\" width=\"1024\" height=\"768\" data-id=\"114\" src=\"https:\/\/cieleporteplume.fr\/wp-content\/uploads\/2025\/08\/510365841_2801922463330492_2012950118709389_n-1024x768.jpg\" alt=\"\" class=\"wp-image-114\" srcset=\"https:\/\/cieleporteplume.fr\/wp-content\/uploads\/2025\/08\/510365841_2801922463330492_2012950118709389_n-1024x768.jpg 1024w, https:\/\/cieleporteplume.fr\/wp-content\/uploads\/2025\/08\/510365841_2801922463330492_2012950118709389_n-300x225.jpg 300w, https:\/\/cieleporteplume.fr\/wp-content\/uploads\/2025\/08\/510365841_2801922463330492_2012950118709389_n-768x576.jpg 768w, https:\/\/cieleporteplume.fr\/wp-content\/uploads\/2025\/08\/510365841_2801922463330492_2012950118709389_n-1536x1152.jpg 1536w, https:\/\/cieleporteplume.fr\/wp-content\/uploads\/2025\/08\/510365841_2801922463330492_2012950118709389_n.jpg 2048w\" sizes=\"auto, (max-width: 1024px) 100vw, 1024px\" \/><\/figure>\n\n\n\n<figure class=\"wp-block-image size-large\"><img loading=\"lazy\" decoding=\"async\" width=\"768\" height=\"1024\" data-id=\"115\" src=\"https:\/\/cieleporteplume.fr\/wp-content\/uploads\/2025\/08\/510983175_2801922329997172_1962365786425965438_n-768x1024.jpg\" alt=\"\" class=\"wp-image-115\" srcset=\"https:\/\/cieleporteplume.fr\/wp-content\/uploads\/2025\/08\/510983175_2801922329997172_1962365786425965438_n-768x1024.jpg 768w, https:\/\/cieleporteplume.fr\/wp-content\/uploads\/2025\/08\/510983175_2801922329997172_1962365786425965438_n-225x300.jpg 225w, https:\/\/cieleporteplume.fr\/wp-content\/uploads\/2025\/08\/510983175_2801922329997172_1962365786425965438_n-1152x1536.jpg 1152w, https:\/\/cieleporteplume.fr\/wp-content\/uploads\/2025\/08\/510983175_2801922329997172_1962365786425965438_n.jpg 1536w\" sizes=\"auto, (max-width: 768px) 100vw, 768px\" \/><\/figure>\n<\/figure>\n\n\n\n<p><\/p>\n\n\n\n<p>Parcours dans la r\u00e9sistance et la deuxi\u00e8me guerre mondiale \u00e0 travers po\u00e8mes, \u00e9crits, t\u00e9moignages de r\u00e9sistants ou tracts cod\u00e9s, publi\u00e9s clandestinement\u00a0sous l\u2019occupation.<br>R\u00e9sister par l\u2019\u00e9crit, publier, diffuser, se r\u00e9citer des po\u00e8mes\u2026<br>Autant d\u2019actes de r\u00e9sistance et de libert\u00e9.<\/p>\n\n\n\n<p>Cr\u00e9\u00e9 dans le cadre des Randonn\u00e9es de la m\u00e9moire USEP 39- La Ligue de l&rsquo;enseignement.<\/p>\n\n\n\n<p>18 repr\u00e9sentations en mai \/ juin 2025 \u00e0 Dole, \u00e0 la m\u00e9diath\u00e8que de Champagnole, \u00e0 la maison commune de Lons pour les enfants de CM1-CM2 des \u00e9coles de Bois d&rsquo;Amont, Les Rousses, Morez, Cize, Sirop, Dournon, Plainoiseau, Lavant les St Claude, le Fied, Perrigny, Macornay<\/p>\n","protected":false},"excerpt":{"rendered":"<p>Parcours dans la r\u00e9sistance et la deuxi\u00e8me guerre mondiale \u00e0 travers po\u00e8mes, \u00e9crits, t\u00e9moignages de r\u00e9sistants ou tracts cod\u00e9s, publi\u00e9s clandestinement\u00a0sous l\u2019occupation.R\u00e9sister par l\u2019\u00e9crit, publier, diffuser, se r\u00e9citer des po\u00e8mes\u2026Autant d\u2019actes de r\u00e9sistance et de libert\u00e9. Cr\u00e9\u00e9 dans le cadre des Randonn\u00e9es de la m\u00e9moire USEP 39- La Ligue de l&rsquo;enseignement. 18 repr\u00e9sentations en mai [&hellip;]<\/p>\n","protected":false},"author":1,"featured_media":0,"parent":0,"menu_order":0,"comment_status":"closed","ping_status":"closed","template":"","meta":{"footnotes":""},"class_list":["post-112","page","type-page","status-publish","hentry"],"_links":{"self":[{"href":"https:\/\/cieleporteplume.fr\/index.php?rest_route=\/wp\/v2\/pages\/112","targetHints":{"allow":["GET"]}}],"collection":[{"href":"https:\/\/cieleporteplume.fr\/index.php?rest_route=\/wp\/v2\/pages"}],"about":[{"href":"https:\/\/cieleporteplume.fr\/index.php?rest_route=\/wp\/v2\/types\/page"}],"author":[{"embeddable":true,"href":"https:\/\/cieleporteplume.fr\/index.php?rest_route=\/wp\/v2\/users\/1"}],"replies":[{"embeddable":true,"href":"https:\/\/cieleporteplume.fr\/index.php?rest_route=%2Fwp%2Fv2%2Fcomments&post=112"}],"version-history":[{"count":3,"href":"https:\/\/cieleporteplume.fr\/index.php?rest_route=\/wp\/v2\/pages\/112\/revisions"}],"predecessor-version":[{"id":119,"href":"https:\/\/cieleporteplume.fr\/index.php?rest_route=\/wp\/v2\/pages\/112\/revisions\/119"}],"wp:attachment":[{"href":"https:\/\/cieleporteplume.fr\/index.php?rest_route=%2Fwp%2Fv2%2Fmedia&parent=112"}],"curies":[{"name":"wp","href":"https:\/\/api.w.org\/{rel}","templated":true}]}}